{"id":161,"date":"2020-11-01T20:08:38","date_gmt":"2020-11-01T20:08:38","guid":{"rendered":"https:\/\/rulers.cat\/?page_id=161"},"modified":"2025-09-02T08:07:55","modified_gmt":"2025-09-02T08:07:55","slug":"presidents-de-la-generalitat","status":"publish","type":"page","link":"https:\/\/rulers.cat\/?page_id=161","title":{"rendered":"Presidents de la Generalitat de Catalunya"},"content":{"rendered":"\n<figure class=\"wp-block-table\"><table><tbody><tr><td>1. <a href=\"https:\/\/ca.wikipedia.org\/wiki\/Berenguer_de_Cru\u00eflles\" target=\"_blank\" rel=\"noreferrer noopener\">Berenguer de Cru\u00eflles<\/a><\/td><td>1359-1362<\/td><\/tr><tr><td>2. Romeu Sescomes<\/td><td>1363-1364 i 1375-1376<\/td><\/tr><tr><td>3. Ramon Gener<\/td><td>1364-1365 i 1379-1380<\/td><\/tr><tr><td>4. Bernat Vall\u00e8s<\/td><td>1365-1367<\/td><\/tr><tr><td>    <em>Pere Vicen\u00e7<\/em><\/td><td>(1)<\/td><\/tr><tr><td>    <em>Bernat Bussot<\/em><\/td><td>(1)<\/td><\/tr><tr><td>5. Joan I d&#8217;Emp\u00faries<\/td><td>1376<\/td><\/tr><tr><td>6. Guillem de Guimer\u00e0<\/td><td>1376-1377<\/td><\/tr><tr><td>7. Galceran de Besora<\/td><td>1377-1378<\/td><\/tr><tr><td>8. Felip d&#8217;Anglesola<\/td><td>1380<\/td><\/tr><tr><td>9. Pere Santamans<\/td><td>1381-1383<\/td><\/tr><tr><td>10. Arnau Descolomer<\/td><td>1384-1389<\/td><\/tr><tr><td>11. Miquel de Santjoan<\/td><td>1389-1396<\/td><\/tr><tr><td>12. Alfons de Tous<\/td><td>1396-1413<\/td><\/tr><tr><td>13. Marc de Vilalba<\/td><td>1413-1416 i 1431-1434<\/td><\/tr><tr><td>14. Andreu Bertran<\/td><td>1416-1419<\/td><\/tr><tr><td>15. Joan Desgarrigues<\/td><td>1419-1422<\/td><\/tr><tr><td>16. Dalmau de Cartell\u00e0<\/td><td>1422-1425<\/td><\/tr><tr><td>17. Felip de Malla<\/td><td>1425-1428<\/td><\/tr><tr><td>18. Dom\u00e8nec Ram<\/td><td>1428-1431<\/td><\/tr><tr><td>19. Pere de Palou<\/td><td>1434-1437<\/td><\/tr><tr><td>20. Pere de Darnius<\/td><td>1437-1440<\/td><\/tr><tr><td>21. Antoni d&#8217;Aviny\u00f3 i de Moles<\/td><td>1440-1443<\/td><\/tr><tr><td>22. Jaume de Cardona i de Gandia<\/td><td>1443-1446<\/td><\/tr><tr><td>23. Pero Xim\u00e9nez de Urrea<\/td><td>1446-1449<\/td><\/tr><tr><td>24. Bertran Samas\u00f3<\/td><td>1449-1452<\/td><\/tr><tr><td>25. Bernat Guillem Samas\u00f3<\/td><td>1452-1455<\/td><\/tr><tr><td>26. Nicolau Pujades<\/td><td>1455-1458<\/td><\/tr><tr><td>27. Antoni Pere Ferrer<\/td><td>1458-1461<\/td><\/tr><tr><td>28. Manuel de Montsuar<\/td><td>1461-1464<\/td><\/tr><tr><td>29. Francesc Colom<\/td><td>1464-1467<\/td><\/tr><tr><td>30. Pon\u00e7 Andreu de Vilar<\/td><td>1467-1470 i 1485-1488<\/td><\/tr><tr><td>31. Miquel Sams\u00f3<\/td><td>1470-1473<\/td><\/tr><tr><td>32. Joan Maurici de Ribes<\/td><td>1473-1476<\/td><\/tr><tr><td>33. Miquel Delgado<\/td><td>1476-1478<\/td><\/tr><tr><td>34. Pere Joan Llobera<\/td><td>1478-1479<\/td><\/tr><tr><td>35. Berenguer de Sos<\/td><td>1479-1482<\/td><\/tr><tr><td>36. Pere de Cardona<\/td><td>1482-1485<\/td><\/tr><tr><td>37. Juan Payo Coello<\/td><td>1488-1491<\/td><\/tr><tr><td>38. Joan de Peralta<\/td><td>1491-1494<\/td><\/tr><tr><td>39. Franc\u00ed Vicens<\/td><td>1494-1497<\/td><\/tr><tr><td>40. Pedro Mendoza<\/td><td>1497-1500<\/td><\/tr><tr><td>41. Alfons d&#8217;Arag\u00f3<\/td><td>1500-1503<\/td><\/tr><tr><td>42. Ferrer Nicolau de Gualbes i Desvalls<\/td><td>1503-1504<\/td><\/tr><tr><td>43. Gonzalo Fern\u00e1ndez de Heredia<\/td><td>1504-1506<\/td><\/tr><tr><td>44. Llu\u00eds Despl\u00e0 i d&#8217;Oms<\/td><td>1506-1509<\/td><\/tr><tr><td>45. Jordi San\u00e7<\/td><td>1509-1512<\/td><\/tr><tr><td>46. Joan d&#8217;Arag\u00f3<\/td><td>1512-1514<\/td><\/tr><tr><td>47. Jaume Fiella<\/td><td>1514-1515<\/td><\/tr><tr><td>48. Esteve de Garret<\/td><td>1515-1518<\/td><\/tr><tr><td>49. Bernat de Corbera<\/td><td>1518-1521<\/td><\/tr><tr><td>50. Joan Margarit i de Requesens<\/td><td>1521-1524<\/td><\/tr><tr><td>51. Llu\u00eds de Cardona i Enr\u00edquez<\/td><td>1524-1527<\/td><\/tr><tr><td>52. Francesc de Solsona<\/td><td>1527-1530<\/td><\/tr><tr><td>53. Francesc Oliver i de Boteller<\/td><td>1530-1533<\/td><\/tr><tr><td>54. Dion\u00eds de Carcassona<\/td><td>1533-1536<\/td><\/tr><tr><td>55. Joan Pasqual<\/td><td>1536-1539<\/td><\/tr><tr><td>56. Jeroni de Requesens i Ro\u00eds de Liori<\/td><td>1539-1542<\/td><\/tr><tr><td>57. Miquel Puig<\/td><td>1542-1545<\/td><\/tr><tr><td>58. Jaume Ca\u00e7ador<\/td><td>1545-1548<\/td><\/tr><tr><td>59. Miquel d&#8217;Oms i Sentmenat<\/td><td>1548-1551 i 1560-1563<\/td><\/tr><tr><td>60. Onofre de Copons i de Vilafranca<\/td><td>1551-1552<\/td><\/tr><tr><td>61. Miquel de Ferrer i de Marimon<\/td><td>1552<\/td><\/tr><tr><td>62. Joan de Tormo<\/td><td>1552-1553<\/td><\/tr><tr><td>63. Miquel de Tormo<\/td><td>1553-1554<\/td><\/tr><tr><td>64. Francesc Jeroni Benet Franc<\/td><td>1554-1557<\/td><\/tr><tr><td>65. Pere \u00c0ngel Ferrer i Despuig<\/td><td>1557-1559<\/td><\/tr><tr><td>66. Ferran de Lloaces i Peres<\/td><td>1559-1560<\/td><\/tr><tr><td>67. Onofre Gomis<\/td><td>1563-1566<\/td><\/tr><tr><td>68. Francesc Giginta<\/td><td>1566-1569<\/td><\/tr><tr><td>69. Benet de Tocco<\/td><td>1569-1572 i 1578-1581<\/td><\/tr><tr><td>70. Jaume Cerver\u00f3<\/td><td>1572-1575<\/td><\/tr><tr><td>71. Pere Oliver de Boteller i de Riquer<\/td><td>1575-1578 i 1584-1587<\/td><\/tr><tr><td>72. Rafael d&#8217;Oms<\/td><td>1581-1584<\/td><\/tr><tr><td>73. Jaume Beul\u00f3<\/td><td>1584<\/td><\/tr><tr><td>74. Mart\u00ed Joan de Calders<\/td><td>1587<\/td><\/tr><tr><td>75. Francesc Oliver de Boteller<\/td><td>1587-1588 i 1596-1598<\/td><\/tr><tr><td>76. Jaume Ca\u00e7ador i Claret<\/td><td>1590-1593<\/td><\/tr><tr><td>77. Miquel d&#8217;Agullana<\/td><td>1593-1596<\/td><\/tr><tr><td>78. Francesc Oliveres<\/td><td>1598-1599<\/td><\/tr><tr><td>79. Jaume Cordelles i Oms<\/td><td>1599-1602<\/td><\/tr><tr><td>80. Bernat de Cardona i de Queralt<\/td><td>1602-1605<\/td><\/tr><tr><td>81. Pere Pau Ca\u00e7ador i d&#8217;Aguilar-Dusai<\/td><td>1605-1608<\/td><\/tr><tr><td>82. Onofre d&#8217;Alentorn i de Botella<\/td><td>1608-1611<\/td><\/tr><tr><td>83. Francesc de Sentjust i de Castre<\/td><td>1611-1614<\/td><\/tr><tr><td>84. Ramon d&#8217;Olmera i d&#8217;Alemany<\/td><td>1614-1616<\/td><\/tr><tr><td>85. Miquel d&#8217;Aimeric<\/td><td>66-617<\/td><\/tr><tr><td>86. Llu\u00eds de Tena<\/td><td>1617-1620<\/td><\/tr><tr><td>87. Benet Fontanella<\/td><td>1620-1623<\/td><\/tr><tr><td>88. Pere de Magarola i Fontanet<\/td><td>1623-1626<\/td><\/tr><tr><td>89. Francesc Morillo<\/td><td>1626- 1629<\/td><\/tr><tr><td>90. Pere Antoni Serra<\/td><td>1629-1632<\/td><\/tr><tr><td>91. Esteve Salacruz<\/td><td>1632<\/td><\/tr><tr><td>92. Garcia Gil de Manrique y Maldonado<\/td><td>1632-1635<\/td><\/tr><tr><td>93. Miquel d&#8217;Alentorn i de Salb\u00e0<\/td><td>1635-1638<\/td><\/tr><tr><td>94. <a href=\"https:\/\/ca.wikipedia.org\/wiki\/Pau_Claris_i_Casademunt\">Pau Claris i Casademunt<\/a><\/td><td>1638-1641<\/td><\/tr><tr><td>95. Josep Soler<\/td><td>1641<\/td><\/tr><tr><td>96. Bernat de Cardona i Raset<\/td><td>1641-1644<\/td><\/tr><tr><td>97. Gispert d&#8217;Amat i Desbosc de Sant Vicen\u00e7<\/td><td>1644-1647<\/td><\/tr><tr><td>98. Andreu Pont<\/td><td>1647-1650<\/td><\/tr><tr><td>99. Pau del Rosso<\/td><td>1650-1654<\/td><\/tr><tr><td>100. Francesc Pijoan<\/td><td>1654-1656<\/td><\/tr><tr><td>101. Joan Jeroni Besora<\/td><td>1656-1659<\/td><\/tr><tr><td>102. Pau d&#8217;\u00c0ger<\/td><td>1659-1662<\/td><\/tr><tr><td>103. Jaume de Copons i de Tamarit<\/td><td>1662-1665<\/td><\/tr><tr><td>104. Josep de Magarola i de Grau<\/td><td>1665-1668<\/td><\/tr><tr><td>105. Joan Pag\u00e8s i Vallgornera<\/td><td>1668-1671<\/td><\/tr><tr><td>106. Josep de Camporrells i de Sabater<\/td><td>1671-1674<\/td><\/tr><tr><td>107. Esteve Mercadal i Dou<\/td><td>1674-1677<\/td><\/tr><tr><td>108. Alfonso de Sotomayor<\/td><td>1677-1680<\/td><\/tr><tr><td>109. Josep Sastre i Prats<\/td><td>1680-1683<\/td><\/tr><tr><td>110. Baltasar de Muntaner i de Sacosta<\/td><td>1683-1686<\/td><\/tr><tr><td>111. Antoni de Saiol i de Quarteroni<\/td><td>1686-1689<\/td><\/tr><tr><td>112. Benet Ignasi de Salazar<\/td><td>1689-1692<\/td><\/tr><tr><td>113. Antoni de Planella i de Cru\u00eflles<\/td><td>1692-1695 i 1701-1704<\/td><\/tr><tr><td>114. Rafael de Pinyana i Galvany<\/td><td>1695-1698<\/td><\/tr><tr><td>115. Climent de Solanell i de Foix<\/td><td>1698-1701<\/td><\/tr><tr><td>116. Joan Antoni Valls i Pandutxo<\/td><td>1701<\/td><\/tr><tr><td>117. Francesc de Valls i Freixa<\/td><td>1704-1706<\/td><\/tr><tr><td>118. Josep Grau<\/td><td>1706-1707<\/td><\/tr><tr><td>119. Manuel de Copons i d&#8217;Esquerrer<\/td><td>1707-1710<\/td><\/tr><tr><td>120. Francesc Antoni de Solanell i de Montell\u00e0<\/td><td>1710-1713<\/td><\/tr><tr><td>121. <a href=\"https:\/\/ca.wikipedia.org\/wiki\/Josep_de_Vilamala\">Josep de Vilamala<\/a><\/td><td>1713-1714<\/td><\/tr><\/tbody><\/table><\/figure>\n\n\n\n<figure class=\"wp-block-table\"><table><tbody><tr><td>122. <a href=\"https:\/\/president.cat\/president\/presidencia\/galeria-presidents\/francesc-macia\" target=\"_blank\" rel=\"noreferrer noopener\">Francesc Maci\u00e0 i Lluss\u00e0<\/a><\/td><td>1931-1933<\/td><td><a href=\"https:\/\/www.esquerra.cat\/ca\/historia-partit-esquerra-republicana-erc\">ERC<\/a><\/td><\/tr><tr><td>123. <a href=\"https:\/\/president.cat\/president\/presidencia\/galeria-presidents\/lluis-companys\" target=\"_blank\" rel=\"noreferrer noopener\">Llu\u00eds Companys i Jov\u00e9<\/a><\/td><td>1933-1940<\/td><td><a href=\"https:\/\/www.esquerra.cat\/ca\/historia-partit-esquerra-republicana-erc\">ERC<\/a><\/td><\/tr><tr><td>124. <a href=\"https:\/\/president.cat\/president\/presidencia\/galeria-presidents\/josep-irla\" target=\"_blank\" rel=\"noreferrer noopener\">Josep Irla i Bosch<\/a><\/td><td>1940-1954<\/td><td><a href=\"https:\/\/www.esquerra.cat\/ca\/historia-partit-esquerra-republicana-erc\">ERC<\/a><\/td><\/tr><tr><td>125. <a href=\"https:\/\/president.cat\/president\/presidencia\/galeria-presidents\/josep-tarradellas\" target=\"_blank\" rel=\"noreferrer noopener\">Josep Tarradellas i Joan<\/a><\/td><td>1954-1980<\/td><td><a href=\"https:\/\/www.esquerra.cat\/ca\/historia-partit-esquerra-republicana-erc\">ERC<\/a><\/td><\/tr><tr><td>126. <a href=\"https:\/\/president.cat\/president\/presidencia\/galeria-presidents\/jordi-pujol\" target=\"_blank\" rel=\"noreferrer noopener\">Jordi Pujol i Soley<\/a><\/td><td>1980-2003<\/td><td><a href=\"https:\/\/ca.wikipedia.org\/wiki\/Converg\u00e8ncia_Democr\u00e0tica_de_Catalunya\">CDC<\/a><\/td><\/tr><tr><td>127. <a href=\"https:\/\/president.cat\/president\/presidencia\/galeria-presidents\/pasqual-maragall\" target=\"_blank\" rel=\"noreferrer noopener\">Pasqual Maragall i Mira<\/a><\/td><td>2003-2006<\/td><td><a href=\"http:\/\/www.socialistes.cat\/ca\/pagina\/historia\">PSC<\/a><\/td><\/tr><tr><td>128. <a href=\"https:\/\/president.cat\/president\/presidencia\/galeria-presidents\/jose-montilla\" target=\"_blank\" rel=\"noreferrer noopener\">Jos\u00e9 Montilla i Aguilera<\/a><\/td><td>2006-2010<\/td><td><a href=\"http:\/\/www.socialistes.cat\/ca\/pagina\/historia\">PSC<\/a><\/td><\/tr><tr><td>129. <a href=\"https:\/\/president.cat\/president\/presidencia\/galeria-presidents\/artur-mas\" target=\"_blank\" rel=\"noreferrer noopener\">Artur Mas i Gavarr\u00f3<\/a><\/td><td>2010-2016<\/td><td><a href=\"https:\/\/ca.wikipedia.org\/wiki\/Converg\u00e8ncia_Democr\u00e0tica_de_Catalunya\">CDC<\/a><\/td><\/tr><tr><td>130. <a href=\"https:\/\/president.cat\/president\/presidencia\/galeria-presidents\/carles-puigdemont\" target=\"_blank\" rel=\"noreferrer noopener\">Carles Puigdemont i Casamaj\u00f3<\/a><\/td><td>2016-2018<\/td><td><a href=\"https:\/\/ca.wikipedia.org\/wiki\/Converg\u00e8ncia_Democr\u00e0tica_de_Catalunya\">CDC<\/a><\/td><\/tr><tr><td>131. <a href=\"https:\/\/president.cat\/president\/presidencia\/galeria-presidents\/quim-torra\" target=\"_blank\" rel=\"noreferrer noopener\">Quim Torra i Pla<\/a><\/td><td>2018-2020<\/td><td><a href=\"https:\/\/ca.wikipedia.org\/wiki\/Junts_per_Catalunya_(coalici\u00f3)\">Junts per Catalunya<\/a><\/td><\/tr><tr><td>132. <a href=\"https:\/\/ca.wikipedia.org\/wiki\/Pere_Aragon%C3%A8s_i_Garcia\" data-type=\"link\" data-id=\"https:\/\/ca.wikipedia.org\/wiki\/Pere_Aragon%C3%A8s_i_Garcia\">Pere Aragon\u00e8s i Garcia<\/a><\/td><td>2021-2024<\/td><td><a href=\"https:\/\/www.esquerra.cat\/ca\/historia-partit-esquerra-republicana-erc\" target=\"_blank\" rel=\"noreferrer noopener\">ERC<\/a><\/td><\/tr><tr><td>133. <a href=\"https:\/\/govern.cat\/gov\/consell-executiu\/202\/president-generalitat-catalunya?v=\" data-type=\"link\" data-id=\"https:\/\/govern.cat\/gov\/consell-executiu\/202\/president-generalitat-catalunya?v=\">Salvador Illa i Roca<\/a><\/td><td>2024-<em>en el c\u00e0rrec<\/em><\/td><td><a href=\"https:\/\/www.socialistes.cat\/historia\/\">PSC<\/a><\/td><\/tr><\/tbody><\/table><\/figure>\n\n\n\n<p><em><a href=\"https:\/\/president.cat\/president\/presidencia\/origens-generalitat\" target=\"_blank\" rel=\"noreferrer noopener\">Font<\/a><\/em><\/p>\n\n\n\n<p>(1) Segons un <a href=\"https:\/\/www.upf.edu\/web\/focus\/noticies\/-\/asset_publisher\/qOocsyZZDGHL\/content\/id\/237500981\/maximized#.X8FLeGX0mUl\" target=\"_blank\" rel=\"noreferrer noopener\">estudi<\/a> de Pere Ripoll i Sastre, caldria afegir dos presidents m\u00e9s a la numeraci\u00f3 oficial.<\/p>\n","protected":false},"excerpt":{"rendered":"<p>1. Berenguer de Cru\u00eflles 1359-1362 2. Romeu Sescomes 1363-1364 i 1375-1376 3. Ramon Gener 1364-1365 i 1379-1380 4. Bernat Vall\u00e8s 1365-1367 Pere Vicen\u00e7 (1) Bernat Bussot (1) 5. Joan I d&#8217;Emp\u00faries 1376 6. Guillem de Guimer\u00e0 1376-1377 7. Galceran de Besora 1377-1378 8. Felip d&#8217;Anglesola 1380 9. Pere Santamans 1381-1383 10. Arnau Descolomer 1384-1389 11. [&hellip;]<\/p>\n","protected":false},"author":1,"featured_media":0,"parent":0,"menu_order":0,"comment_status":"closed","ping_status":"closed","template":"","meta":{"footnotes":""},"_links":{"self":[{"href":"https:\/\/rulers.cat\/index.php?rest_route=\/wp\/v2\/pages\/161"}],"collection":[{"href":"https:\/\/rulers.cat\/index.php?rest_route=\/wp\/v2\/pages"}],"about":[{"href":"https:\/\/rulers.cat\/index.php?rest_route=\/wp\/v2\/types\/page"}],"author":[{"embeddable":true,"href":"https:\/\/rulers.cat\/index.php?rest_route=\/wp\/v2\/users\/1"}],"replies":[{"embeddable":true,"href":"https:\/\/rulers.cat\/index.php?rest_route=%2Fwp%2Fv2%2Fcomments&post=161"}],"version-history":[{"count":10,"href":"https:\/\/rulers.cat\/index.php?rest_route=\/wp\/v2\/pages\/161\/revisions"}],"predecessor-version":[{"id":1330,"href":"https:\/\/rulers.cat\/index.php?rest_route=\/wp\/v2\/pages\/161\/revisions\/1330"}],"wp:attachment":[{"href":"https:\/\/rulers.cat\/index.php?rest_route=%2Fwp%2Fv2%2Fmedia&parent=161"}],"curies":[{"name":"wp","href":"https:\/\/api.w.org\/{rel}","templated":true}]}}