{"id":227,"date":"2020-11-05T17:47:43","date_gmt":"2020-11-05T17:47:43","guid":{"rendered":"https:\/\/rulers.cat\/?page_id=227"},"modified":"2020-11-07T19:14:04","modified_gmt":"2020-11-07T19:14:04","slug":"batlles-de-valencia-2","status":"publish","type":"page","link":"https:\/\/rulers.cat\/?page_id=227","title":{"rendered":"Batlles de Val\u00e8ncia"},"content":{"rendered":"\n<p>Alcaldes de la Restauraci\u00f3 (des del 1900)<\/p>\n\n\n\n<figure class=\"wp-block-table\"><table><tbody><tr><td>1900<\/td><td>1901<\/td><td><span class=\"has-inline-color has-black-color\"><a href=\"https:\/\/ca.wikipedia.org\/wiki\/Jos%C3%A9_Montesinos_Checa\"><u><strong>Jos\u00e9 Montesinos Checa<\/strong><\/u><\/a><br>1a vegada<\/span><\/td><td><a href=\"https:\/\/ca.wikipedia.org\/wiki\/Partit_Liberal_Conservador\"><u>Partit Liberal Conservador<\/u><\/a><\/td><\/tr><tr><td>1901<\/td><td>1903<\/td><td><a href=\"https:\/\/ca.wikipedia.org\/wiki\/Jos%C3%A9_Igual_Torres\"><u><strong>Jos\u00e9 Igual Torres<\/strong><\/u><\/a><\/td><td><a href=\"https:\/\/ca.wikipedia.org\/wiki\/Partit_Liberal\"><u>Partit Liberal<\/u><\/a><\/td><\/tr><tr><td>1903<\/td><td><\/td><td><a href=\"https:\/\/ca.wikipedia.org\/wiki\/Jos%C3%A9_Montesinos_Checa\"><u><strong>Jos\u00e9 Montesinos Checa<\/strong><\/u><\/a><br>2a vegada<\/td><td><a href=\"https:\/\/ca.wikipedia.org\/wiki\/Partit_Liberal_Conservador\"><u>Partit Liberal Conservador<\/u><\/a><\/td><\/tr><tr><td>1903<\/td><td>1904<\/td><td><a href=\"https:\/\/ca.wikipedia.org\/wiki\/Francisco_Maestre_Laborde-Boix\"><u><strong>Francisco Maestre Laborde-Boix<\/strong><\/u><\/a><br>1a vegada<\/td><td><a href=\"https:\/\/ca.wikipedia.org\/wiki\/Partit_Liberal_Conservador\"><u>Partit Liberal Conservador<\/u><\/a><\/td><\/tr><tr><td>1904<\/td><td><\/td><td><a href=\"https:\/\/ca.wikipedia.org\/wiki\/Jos%C3%A9_Puig_Boronat\"><u><strong>Jos\u00e9 Puig Boronat<\/strong><\/u><\/a><\/td><td><a href=\"https:\/\/ca.wikipedia.org\/wiki\/Partit_Liberal\"><u>Partit Liberal<\/u><\/a><\/td><\/tr><tr><td>1904<\/td><td>1905<\/td><td><a href=\"https:\/\/ca.wikipedia.org\/wiki\/Miguel_Polo_Gil\"><u><strong>Miguel Polo Gil<\/strong><\/u><\/a><\/td><td><a href=\"https:\/\/ca.wikipedia.org\/wiki\/Partit_Liberal_Conservador\"><u>Partit Liberal Conservador<\/u><\/a><\/td><\/tr><tr><td>1905<\/td><td>1906<\/td><td><a href=\"https:\/\/ca.wikipedia.org\/wiki\/Eduardo_Llagaria_Ballester\"><u><strong>Eduardo Llagaria Ballester<\/strong><\/u><\/a><\/td><td><a href=\"https:\/\/ca.wikipedia.org\/wiki\/Partit_Liberal\"><u>Partit Liberal<\/u><\/a><\/td><\/tr><tr><td>1906<\/td><td>1907<\/td><td><strong>Dr.&nbsp;<\/strong><a href=\"https:\/\/ca.wikipedia.org\/wiki\/Jos%C3%A9_Sanchis_Berg%C3%B3n\"><u><strong>Jos\u00e9 Sanchis Berg\u00f3n<\/strong><\/u><\/a><\/td><td><a href=\"https:\/\/ca.wikipedia.org\/wiki\/Partit_Liberal\"><u>Partit Liberal<\/u><\/a><\/td><\/tr><tr><td>1907<\/td><td><\/td><td><a href=\"https:\/\/ca.wikipedia.org\/wiki\/Miguel_Paredes_Garc%C3%ADa\"><u><strong>Miguel Paredes Garc\u00eda<\/strong><\/u><\/a><br>1a vegada<\/td><td><a href=\"https:\/\/ca.wikipedia.org\/wiki\/Partit_Liberal\"><u>Partit Liberal<\/u><\/a><\/td><\/tr><tr><td>1907<\/td><td><\/td><td><a href=\"https:\/\/ca.wikipedia.org\/wiki\/Josep_Mart%C3%ADnez_Aloy\"><u><strong>Josep Mart\u00ednez Aloy<\/strong><\/u><\/a><br>1a vegada<\/td><td><a href=\"https:\/\/ca.wikipedia.org\/wiki\/Partit_Liberal_Conservador\"><u>Partit Liberal Conservador<\/u><\/a><\/td><\/tr><tr><td>1907<\/td><td>1909<\/td><td><a href=\"https:\/\/ca.wikipedia.org\/wiki\/Jos%C3%A9_Maestre_Laborde-Boix\"><u><strong>Jos\u00e9 Maestre Laborde-Boix<\/strong><\/u><\/a><br>1a vegada<\/td><td><a href=\"https:\/\/ca.wikipedia.org\/wiki\/Partit_Liberal_Conservador\"><u>Partit Liberal Conservador<\/u><\/a><\/td><\/tr><tr><td>1909<\/td><td><\/td><td><a href=\"https:\/\/ca.wikipedia.org\/wiki\/Miguel_Paredes_Garc%C3%ADa\"><u><strong>Miguel Paredes Garc\u00eda<\/strong><\/u><\/a><br>2a vegada<\/td><td><a href=\"https:\/\/ca.wikipedia.org\/wiki\/Partit_Liberal\"><u>Partit Liberal<\/u><\/a><\/td><\/tr><tr><td>1910<\/td><td><\/td><td><a href=\"https:\/\/ca.wikipedia.org\/wiki\/Pedro_Aliaga_Mill%C3%A1n\"><u><strong>Pedro Aliaga Mill\u00e1n<\/strong><\/u><\/a><\/td><td><a href=\"https:\/\/ca.wikipedia.org\/wiki\/Partit_Liberal\"><u>Partit Liberal<\/u><\/a><\/td><\/tr><tr><td>1910<\/td><td>1911<\/td><td><a href=\"https:\/\/ca.wikipedia.org\/wiki\/Ernesto_Ib%C3%A1%C3%B1ez_Rizo\"><u><strong>Ernesto Ib\u00e1\u00f1ez Rizo<\/strong><\/u><\/a><\/td><td><a href=\"https:\/\/ca.wikipedia.org\/wiki\/Partit_Liberal\"><u>Partit Liberal<\/u><\/a><\/td><\/tr><tr><td>1911<\/td><td>1912<\/td><td><a href=\"https:\/\/ca.wikipedia.org\/wiki\/Luis_Bermejo_Vida\"><u><strong>Luis Bermejo Vida<\/strong><\/u><\/a><\/td><td><a href=\"https:\/\/ca.wikipedia.org\/wiki\/Partit_Liberal\"><u>Partit Liberal<\/u><\/a><\/td><\/tr><tr><td>1912<\/td><td>1913<\/td><td><a href=\"https:\/\/ca.wikipedia.org\/wiki\/Fernando_Ib%C3%A1%C3%B1ez_Pay%C3%A9s\"><u><strong>Fernando Ib\u00e1\u00f1ez Pay\u00e9s<\/strong><\/u><\/a><\/td><td><a href=\"https:\/\/ca.wikipedia.org\/wiki\/Partit_Liberal\"><u>Partit Liberal<\/u><\/a><\/td><\/tr><tr><td>1913<\/td><td>1915<\/td><td><a href=\"https:\/\/ca.wikipedia.org\/wiki\/Francisco_Maestre_Laborde-Boix\"><u><strong>Francisco Maestre Laborde-Boix<\/strong><\/u><\/a><br>2a vegada<\/td><td><a href=\"https:\/\/ca.wikipedia.org\/wiki\/Partit_Liberal_Conservador\"><u>Partit Liberal Conservador<\/u><\/a><\/td><\/tr><tr><td>1915<\/td><td>1916<\/td><td><a href=\"https:\/\/ca.wikipedia.org\/wiki\/Jos%C3%A9_Ferraz_Penelas\"><u><strong>Jos\u00e9 Ferraz Penelas<\/strong><\/u><\/a><\/td><td><a href=\"https:\/\/ca.wikipedia.org\/wiki\/Partit_Liberal_Conservador\"><u>Partit Liberal Conservador<\/u><\/a><\/td><\/tr><tr><td>1915<\/td><td>1916<\/td><td><a href=\"https:\/\/ca.wikipedia.org\/wiki\/Miguel_Paredes_Garc%C3%ADa\"><u><strong>Miguel Paredes Garc\u00eda<\/strong><\/u><\/a><br>3a vegada<\/td><td><a href=\"https:\/\/ca.wikipedia.org\/wiki\/Partit_Liberal\"><u>Partit Liberal<\/u><\/a><\/td><\/tr><tr><td>1916<\/td><td>1917<\/td><td><a href=\"https:\/\/ca.wikipedia.org\/wiki\/Fidel_Gurrea_Olmos\"><u><strong>Fidel Gurrea Olmos<\/strong><\/u><\/a><\/td><td><a href=\"https:\/\/ca.wikipedia.org\/wiki\/Partit_Liberal\"><u>Partit Liberal<\/u><\/a><\/td><\/tr><tr><td>1917<\/td><td><\/td><td><a href=\"https:\/\/ca.wikipedia.org\/wiki\/Josep_Mart%C3%ADnez_Aloy\"><u><strong>Josep Mart\u00ednez Aloy<\/strong><\/u><\/a><br>2a vegada<\/td><td><a href=\"https:\/\/ca.wikipedia.org\/wiki\/Partit_Liberal_Conservador\"><u>Partit Liberal Conservador<\/u><\/a><\/td><\/tr><tr><td>1917<\/td><td><\/td><td><a href=\"https:\/\/ca.wikipedia.org\/wiki\/Jos%C3%A9_Mira_Meseguer\"><u><strong>Jos\u00e9 Mira Meseguer<\/strong><\/u><\/a><\/td><td><a href=\"https:\/\/ca.wikipedia.org\/wiki\/Partit_d%27Uni%C3%B3_Republicana_Autonomista\"><u>Partit d&#8217;Uni\u00f3 Republicana Autonomista<\/u><\/a><\/td><\/tr><tr><td>1918<\/td><td>1919<\/td><td><a href=\"https:\/\/ca.wikipedia.org\/wiki\/Faust%C3%AD_Valent%C3%ADn_i_Torrej%C3%B3n\"><u><strong>Faust\u00ed Valent\u00edn i Torrej\u00f3n<\/strong><\/u><\/a><\/td><td><a href=\"https:\/\/ca.wikipedia.org\/wiki\/Partit_d%27Uni%C3%B3_Republicana_Autonomista\"><u>Partit d&#8217;Uni\u00f3 Republicana Autonomista<\/u><\/a><\/td><\/tr><tr><td>1919<\/td><td><\/td><td><a href=\"https:\/\/ca.wikipedia.org\/wiki\/Mariano_Cuber_Sagols\"><u><strong>Mariano Cuber Sagols<\/strong><\/u><\/a><\/td><td><a href=\"https:\/\/ca.wikipedia.org\/wiki\/Partit_d%27Uni%C3%B3_Republicana_Autonomista\"><u>Partit d&#8217;Uni\u00f3 Republicana Autonomista<\/u><\/a><\/td><\/tr><tr><td>1919<\/td><td>1920<\/td><td><a href=\"https:\/\/ca.wikipedia.org\/wiki\/Juan_Bort_Olmos\"><u><strong>Juan Bort Olmos<\/strong><\/u><\/a><\/td><td><a href=\"https:\/\/ca.wikipedia.org\/wiki\/Partit_d%27Uni%C3%B3_Republicana_Autonomista\"><u>Partit d&#8217;Uni\u00f3 Republicana Autonomista<\/u><\/a><\/td><\/tr><tr><td>1920<\/td><td>1922<\/td><td><a href=\"https:\/\/ca.wikipedia.org\/wiki\/Ricardo_Samper_Ib%C3%A1%C3%B1ez\"><u><strong>Ricardo Samper Ib\u00e1\u00f1ez<\/strong><\/u><\/a><\/td><td><a href=\"https:\/\/ca.wikipedia.org\/wiki\/Partit_d%27Uni%C3%B3_Republicana_Autonomista\"><u>Partit d&#8217;Uni\u00f3 Republicana Autonomista<\/u><\/a><\/td><\/tr><tr><td>1922<\/td><td>1923<\/td><td><a href=\"https:\/\/ca.wikipedia.org\/wiki\/Jos%C3%A9_Mar%C3%ADa_Albors_Brocal\"><u><strong>Jos\u00e9 Mar\u00eda Albors Brocal<\/strong><\/u><\/a><\/td><td><a href=\"https:\/\/ca.wikipedia.org\/wiki\/Partit_Liberal_Conservador\"><u>Partit Liberal Conservador<\/u><\/a><\/td><\/tr><tr><td>1923<\/td><td><\/td><td><a href=\"https:\/\/ca.wikipedia.org\/wiki\/Juan_Artal_Ortells\"><u><strong>Juan Artal Ortells<\/strong><\/u><\/a><\/td><td><a href=\"https:\/\/ca.wikipedia.org\/wiki\/Partit_Liberal\"><u>Partit Liberal<\/u><\/a><\/td><\/tr><tr><td>1923<\/td><td>1924<\/td><td><a href=\"https:\/\/ca.wikipedia.org\/wiki\/Juan_Avil%C3%A9s_Arnau\"><u><strong>Juan Avil\u00e9s Arnau<\/strong><\/u><\/a><\/td><td><a href=\"https:\/\/ca.wikipedia.org\/wiki\/Uni%C3%B3n_Patri%C3%B3tica\"><u>Uni\u00f3n Patri\u00f3tica<\/u><\/a><\/td><\/tr><tr><td>1924<\/td><td>1927<\/td><td><a href=\"https:\/\/ca.wikipedia.org\/wiki\/Luis_Oliag_Miranda\"><u><strong>Luis Oliag Miranda<\/strong><\/u><\/a><\/td><td><a href=\"https:\/\/ca.wikipedia.org\/wiki\/Uni%C3%B3n_Patri%C3%B3tica\"><u>Uni\u00f3n Patri\u00f3tica<\/u><\/a><\/td><\/tr><tr><td>1927<\/td><td>1930<\/td><td><a href=\"https:\/\/ca.wikipedia.org\/wiki\/Carlos_Sousa_%C3%81lvarez_de_Toledo\"><u><strong>Carlos Sousa \u00c1lvarez de Toledo<\/strong><\/u><\/a><\/td><td><a href=\"https:\/\/ca.wikipedia.org\/wiki\/Uni%C3%B3n_Patri%C3%B3tica\"><u>Uni\u00f3n Patri\u00f3tica<\/u><\/a><\/td><\/tr><tr><td>1930<\/td><td>1931<\/td><td><a href=\"https:\/\/ca.wikipedia.org\/wiki\/Jos%C3%A9_Maestre_Laborde-Boix\"><u><strong>Jos\u00e9 Maestre Laborde-Boix<\/strong><\/u><\/a><br>2a vegada<\/td><td><a href=\"https:\/\/ca.wikipedia.org\/wiki\/Uni%C3%B3n_Patri%C3%B3tica\"><u>Uni\u00f3n Patri\u00f3tica<\/u><\/a><\/td><\/tr><\/tbody><\/table><\/figure>\n\n\n\n<p>Alcaldes de la Rep\u00fablica<\/p>\n\n\n\n<figure class=\"wp-block-table\"><table><tbody><tr><td>1931<\/td><td><\/td><td><a href=\"https:\/\/ca.wikipedia.org\/wiki\/Vicent_Marco_Miranda\"><u><strong>Vicent Marco Miranda<\/strong><\/u><\/a><\/td><td><a href=\"https:\/\/ca.wikipedia.org\/wiki\/Partit_d%27Uni%C3%B3_Republicana_Autonomista\"><u>Partit d&#8217;Uni\u00f3 Republicana Autonomista<\/u><\/a><\/td><\/tr><tr><td>1931<\/td><td>1932<\/td><td><a href=\"https:\/\/ca.wikipedia.org\/wiki\/Agust%C3%ADn_Trigo_Mezquita\"><u><strong>Agust\u00edn Trigo Mezquita<\/strong><\/u><\/a><\/td><td><a href=\"https:\/\/ca.wikipedia.org\/wiki\/Partit_d%27Uni%C3%B3_Republicana_Autonomista\"><u>Partit d&#8217;Uni\u00f3 Republicana Autonomista<\/u><\/a><\/td><\/tr><tr><td>1932<\/td><td><\/td><td><a href=\"https:\/\/ca.wikipedia.org\/wiki\/Vicent_Alfaro_i_Moreno\"><u><strong>Vicent Alfaro i Moreno<\/strong><\/u><\/a><\/td><td><a href=\"https:\/\/ca.wikipedia.org\/wiki\/Partit_d%27Uni%C3%B3_Republicana_Autonomista\"><u>Partit d&#8217;Uni\u00f3 Republicana Autonomista<\/u><\/a><\/td><\/tr><tr><td>1932<\/td><td>1934<\/td><td><a href=\"https:\/\/ca.wikipedia.org\/wiki\/Vicente_Lambies_Grancha\"><u><strong>Vicente Lambies Grancha<\/strong><\/u><\/a><\/td><td><a href=\"https:\/\/ca.wikipedia.org\/wiki\/Partit_d%27Uni%C3%B3_Republicana_Autonomista\"><u>Partit d&#8217;Uni\u00f3 Republicana Autonomista<\/u><\/a><\/td><\/tr><tr><td>1934<\/td><td>1936<\/td><td><a href=\"https:\/\/ca.wikipedia.org\/wiki\/Manuel_Gisbert_Rico\"><u><strong>Manuel Gisbert Rico<\/strong><\/u><\/a><\/td><td><a href=\"https:\/\/ca.wikipedia.org\/wiki\/Partit_d%27Uni%C3%B3_Republicana_Autonomista\"><u>Partit d&#8217;Uni\u00f3 Republicana Autonomista<\/u><\/a><\/td><\/tr><tr><td>1936<\/td><td><\/td><td><a href=\"https:\/\/ca.wikipedia.org\/wiki\/Jos%C3%A9_Olmos_Burgos\"><u><strong>Jos\u00e9 Olmos Burgos<\/strong><\/u><\/a><\/td><td><a href=\"https:\/\/ca.wikipedia.org\/wiki\/Partit_d%27Uni%C3%B3_Republicana_Autonomista\"><u>Partit d&#8217;Uni\u00f3 Republicana Autonomista<\/u><\/a><\/td><\/tr><tr><td>1936<\/td><td>1937<\/td><td><a href=\"https:\/\/ca.wikipedia.org\/wiki\/Jos%C3%A9_Cano_Coloma\"><u><strong>Jos\u00e9 Cano Coloma<\/strong><\/u><\/a><\/td><td><a href=\"https:\/\/ca.wikipedia.org\/wiki\/Izquierda_Republicana\"><u>Izquierda Republicana<\/u><\/a><\/td><\/tr><tr><td>1937<\/td><td>1939<\/td><td><a href=\"https:\/\/ca.wikipedia.org\/wiki\/Domingo_Torres_Maeso\"><u><strong>Domingo Torres Maeso<\/strong><\/u><\/a><\/td><td><a href=\"https:\/\/ca.wikipedia.org\/wiki\/Confederaci%C3%B3_Nacional_del_Treball\"><u>Confederaci\u00f3 Nacional del Treball<\/u><\/a><\/td><\/tr><tr><td>1939<\/td><td><\/td><td><a href=\"https:\/\/ca.wikipedia.org\/wiki\/Francisco_Londres_Alfonso\"><u><strong>Francisco Londres Alfonso<\/strong><\/u><\/a><\/td><td><a href=\"https:\/\/ca.wikipedia.org\/wiki\/Candidat_independent\"><u>Independent<\/u><\/a><\/td><\/tr><\/tbody><\/table><\/figure>\n\n\n\n<p>Alcaldes del Franquisme<\/p>\n\n\n\n<figure class=\"wp-block-table\"><table><tbody><tr><td>1939<\/td><td>1943<\/td><td><a href=\"https:\/\/ca.wikipedia.org\/wiki\/Joaqu%C3%ADn_Manglano_Cucal%C3%B3_de_Montull\"><u><strong>Joaqu\u00edn Manglano Cucal\u00f3 de Montull<\/strong><\/u><\/a><\/td><td><a href=\"https:\/\/ca.wikipedia.org\/wiki\/Falange_Espa%C3%B1ola_Tradicionalista_y_de_las_JONS\"><u>Falange Espa\u00f1ola Tradicionalista y de las JONS<\/u><\/a><br>(Tradicionalista)<\/td><\/tr><tr><td>1943<\/td><td>1947<\/td><td><a href=\"https:\/\/ca.wikipedia.org\/wiki\/Juan_Antonio_G%C3%B3mez_Tr%C3%A9nor\"><u><strong>Juan Antonio G\u00f3mez Tr\u00e9nor<\/strong><\/u><\/a><\/td><td><a href=\"https:\/\/ca.wikipedia.org\/wiki\/Falange_Espa%C3%B1ola_Tradicionalista_y_de_las_JONS\"><u>Falange Espa\u00f1ola Tradicionalista y de las JONS<\/u><\/a><br>(Militar arist\u00f2crata)<\/td><\/tr><tr><td>1947<\/td><td>1951<\/td><td><a href=\"https:\/\/ca.wikipedia.org\/wiki\/Jos%C3%A9_Manglano_Selva\"><u><strong>Jos\u00e9 Manglano Selva<\/strong><\/u><\/a><\/td><td><a href=\"https:\/\/ca.wikipedia.org\/wiki\/Falange_Espa%C3%B1ola_Tradicionalista_y_de_las_JONS\"><u>Falange Espa\u00f1ola Tradicionalista y de las JONS<\/u><\/a><br>(Mon\u00e0rquic)<\/td><\/tr><tr><td>1951<\/td><td>1955<\/td><td><a href=\"https:\/\/ca.wikipedia.org\/wiki\/Baltasar_Rull_Villar\"><u><strong>Baltasar Rull Villar<\/strong><\/u><\/a><\/td><td><a href=\"https:\/\/ca.wikipedia.org\/wiki\/Falange_Espa%C3%B1ola_Tradicionalista_y_de_las_JONS\"><u>Falange Espa\u00f1ola Tradicionalista y de las JONS<\/u><\/a><br>(Tecn\u00f2crata)<\/td><\/tr><tr><td>1955<\/td><td>1958<\/td><td><a href=\"https:\/\/ca.wikipedia.org\/wiki\/Tom%C3%A1s_Tr%C3%A9nor_Azc%C3%A1rraga\"><u><strong>Tom\u00e1s Tr\u00e9nor Azc\u00e1rraga<\/strong><\/u><\/a><\/td><td><a href=\"https:\/\/ca.wikipedia.org\/wiki\/Falange_Espa%C3%B1ola_Tradicionalista_y_de_las_JONS\"><u>Falange Espa\u00f1ola Tradicionalista y de las JONS<\/u><\/a><br>(Mon\u00e0rquic)<\/td><\/tr><tr><td>1958<\/td><td>1969<\/td><td><a href=\"https:\/\/ca.wikipedia.org\/wiki\/Adolfo_Rinc%C3%B3n_de_Arellano\"><u><strong>Adolfo Rinc\u00f3n de Arellano<\/strong><\/u><\/a><\/td><td><a href=\"https:\/\/ca.wikipedia.org\/wiki\/Falange_Espa%C3%B1ola_Tradicionalista_y_de_las_JONS\"><u>Falange Espa\u00f1ola Tradicionalista y de las JONS<\/u><\/a><br>(Falangista)<\/td><\/tr><tr><td> 1969<\/td><td>1973<\/td><td><a href=\"https:\/\/ca.wikipedia.org\/wiki\/Vicente_L%C3%B3pez_Rosat\"><u><strong>Vicente L\u00f3pez Rosat<\/strong><\/u><\/a><\/td><td><a href=\"https:\/\/ca.wikipedia.org\/wiki\/Falange_Espa%C3%B1ola_Tradicionalista_y_de_las_JONS\"><u>Falange Espa\u00f1ola Tradicionalista y de las JONS<\/u><\/a><br>(Falangista)<\/td><\/tr><tr><td>1973<\/td><td>1976<\/td><td><a href=\"https:\/\/ca.wikipedia.org\/wiki\/Miquel_Ram%C3%B3n_i_Izquierdo\"><u><strong>Miquel Ram\u00f3n i Izquierdo<\/strong><\/u><\/a><br>1a vegada<\/td><td><a href=\"https:\/\/ca.wikipedia.org\/wiki\/Falange_Espa%C3%B1ola_Tradicionalista_y_de_las_JONS\"><u>Falange Espa\u00f1ola Tradicionalista y de las JONS<\/u><\/a><br>(Regionalista)<\/td><\/tr><tr><td>1976<\/td><td><\/td><td><a href=\"https:\/\/ca.wikipedia.org\/wiki\/Antonio_Soto_Bisquert\"><u><strong>Antonio Soto Bisquert<\/strong><\/u><\/a><\/td><td><a href=\"https:\/\/ca.wikipedia.org\/wiki\/Falange_Espa%C3%B1ola_Tradicionalista_y_de_las_JONS\"><u>Falange Espa\u00f1ola Tradicionalista y de las JONS<\/u><\/a><\/td><\/tr><tr><td>1976<\/td><td>1979<\/td><td><a href=\"https:\/\/ca.wikipedia.org\/wiki\/Miquel_Ram%C3%B3n_i_Izquierdo\"><u><strong>Miquel Ram\u00f3n i Izquierdo<\/strong><\/u><\/a><br>2a vegada<\/td><td><a href=\"https:\/\/ca.wikipedia.org\/wiki\/Falange_Espa%C3%B1ola_Tradicionalista_y_de_las_JONS\"><u>Falange Espa\u00f1ola Tradicionalista y de las JONS<\/u><\/a>,&nbsp;<a href=\"https:\/\/ca.wikipedia.org\/wiki\/Uni%C3%B3_Regional_Valenciana\"><u>Uni\u00f3 Regional Valenciana<\/u><\/a><\/td><\/tr><\/tbody><\/table><\/figure>\n\n\n\n<p>Alcaldes de la democr\u00e0cia<\/p>\n\n\n\n<figure class=\"wp-block-table\"><table><tbody><tr><td>1979<\/td><td><\/td><td><a href=\"https:\/\/ca.wikipedia.org\/wiki\/Ferran_Mart%C3%ADnez_Castellano\"><u><strong>Ferran Mart\u00ednez Castellano<\/strong><\/u><\/a><\/td><td><a href=\"https:\/\/ca.wikipedia.org\/wiki\/Partit_Socialista_del_Pa%C3%ADs_Valenci%C3%A0-PSOE\"><u>Partit Socialista del Pa\u00eds Valenci\u00e0-PSOE<\/u><\/a><\/td><\/tr><tr><td>1979<\/td><td>1989<\/td><td><a href=\"https:\/\/ca.wikipedia.org\/wiki\/Ricard_P%C3%A9rez_Casado\"><u><strong>Ricard P\u00e9rez Casado<\/strong><\/u><\/a><\/td><td><a href=\"https:\/\/ca.wikipedia.org\/wiki\/Partit_Socialista_del_Pa%C3%ADs_Valenci%C3%A0-PSOE\"><u>Partit Socialista del Pa\u00eds Valenci\u00e0-PSOE<\/u><\/a><\/td><\/tr><tr><td>1989<\/td><td>1991<\/td><td><a href=\"https:\/\/ca.wikipedia.org\/wiki\/Clementina_R%C3%B3denas_i_Villena\"><u><strong>Clementina R\u00f3denas i Villena<\/strong><\/u><\/a><\/td><td><a href=\"https:\/\/ca.wikipedia.org\/wiki\/Partit_Socialista_del_Pa%C3%ADs_Valenci%C3%A0-PSOE\"><u>Partit Socialista del Pa\u00eds Valenci\u00e0-PSOE<\/u><\/a><\/td><\/tr><tr><td>1991<\/td><td>2015<\/td><td><a href=\"https:\/\/ca.wikipedia.org\/wiki\/Rita_Barber%C3%A0_i_Nolla\"><u><strong>Rita Barber\u00e0 i Nolla<\/strong><\/u><\/a><\/td><td><a href=\"https:\/\/ca.wikipedia.org\/wiki\/Partit_Popular_de_la_Comunitat_Valenciana\"><u>Partit Popular de la Comunitat Valenciana<\/u><\/a><\/td><\/tr><tr><td> 2015<\/td><td><em>En el c\u00e0rrec<\/em><\/td><td><a href=\"https:\/\/ca.wikipedia.org\/wiki\/Joan_Rib%C3%B3_i_Canut\"><u><strong>Joan Rib\u00f3 i Canut<\/strong><\/u><\/a><\/td><td><a href=\"https:\/\/ca.wikipedia.org\/wiki\/Comprom%C3%ADs\"><u>Comprom\u00eds<\/u><\/a><\/td><\/tr><\/tbody><\/table><\/figure>\n","protected":false},"excerpt":{"rendered":"<p>Alcaldes de la Restauraci\u00f3 (des del 1900) 1900 1901 Jos\u00e9 Montesinos Checa1a vegada Partit Liberal Conservador 1901 1903 Jos\u00e9 Igual Torres Partit Liberal 1903 Jos\u00e9 Montesinos Checa2a vegada Partit Liberal Conservador 1903 1904 Francisco Maestre Laborde-Boix1a vegada Partit Liberal Conservador 1904 Jos\u00e9 Puig Boronat Partit Liberal 1904 1905 Miguel Polo Gil Partit Liberal Conservador 1905 [&hellip;]<\/p>\n","protected":false},"author":1,"featured_media":0,"parent":0,"menu_order":0,"comment_status":"closed","ping_status":"closed","template":"","meta":{"footnotes":""},"_links":{"self":[{"href":"https:\/\/rulers.cat\/index.php?rest_route=\/wp\/v2\/pages\/227"}],"collection":[{"href":"https:\/\/rulers.cat\/index.php?rest_route=\/wp\/v2\/pages"}],"about":[{"href":"https:\/\/rulers.cat\/index.php?rest_route=\/wp\/v2\/types\/page"}],"author":[{"embeddable":true,"href":"https:\/\/rulers.cat\/index.php?rest_route=\/wp\/v2\/users\/1"}],"replies":[{"embeddable":true,"href":"https:\/\/rulers.cat\/index.php?rest_route=%2Fwp%2Fv2%2Fcomments&post=227"}],"version-history":[{"count":3,"href":"https:\/\/rulers.cat\/index.php?rest_route=\/wp\/v2\/pages\/227\/revisions"}],"predecessor-version":[{"id":263,"href":"https:\/\/rulers.cat\/index.php?rest_route=\/wp\/v2\/pages\/227\/revisions\/263"}],"wp:attachment":[{"href":"https:\/\/rulers.cat\/index.php?rest_route=%2Fwp%2Fv2%2Fmedia&parent=227"}],"curies":[{"name":"wp","href":"https:\/\/api.w.org\/{rel}","templated":true}]}}