{"id":512,"date":"2020-11-28T13:32:50","date_gmt":"2020-11-28T13:32:50","guid":{"rendered":"https:\/\/rulers.cat\/?page_id=512"},"modified":"2020-11-28T15:53:39","modified_gmt":"2020-11-28T15:53:39","slug":"seu-durgell-la-batlles","status":"publish","type":"page","link":"https:\/\/rulers.cat\/?page_id=512","title":{"rendered":"Seu d&#8217;Urgell (la). Batlles"},"content":{"rendered":"\n<p><strong>Ajuntament borb\u00f2nic<\/strong><\/p>\n\n\n\n<p>Segle XVIII<\/p>\n\n\n\n<p>Alcaldes<\/p>\n\n\n\n<figure class=\"wp-block-table\"><table><tbody><tr><td>1719\u22121721 (maig)<\/td><td>Pere Rib\u00f3<\/td><\/tr><tr><td>1721 (maig)\u22121722<\/td><td>Tomas Feu<\/td><\/tr><tr><td>1722<\/td><td>Jacinto Bonanat<\/td><\/tr><tr><td>1723<\/td><td>Pere Rib\u00f3<\/td><\/tr><tr><td>1724<\/td><td>Emanuel Simon<\/td><\/tr><tr><td>1725\u22121726 (setembre)<\/td><td>Ignasi Vidal<\/td><\/tr><tr><td>1726 (setembre)\u22121727 (maig)<\/td><td>Antonio Peguera<\/td><\/tr><tr><td>1727 (maig)\u22121728 (setembre)<\/td><td>Pere Rib\u00f3<\/td><\/tr><tr><td>1728 (setembre)\u22121729<\/td><td>Rafael Cruyllas<\/td><\/tr><tr><td>1729\u22121730 (maig)<\/td><td>Emanuel Simon<\/td><\/tr><tr><td>1730 (maig)\u22121731 (maig)<\/td><td>Ignacio Vidal<\/td><\/tr><tr><td>1731 (maig)\u22121732<\/td><td>Pere Rib\u00f3<\/td><\/tr><tr><td>1732\u22121733 (abril)<\/td><td>Rafael Cruyllas<\/td><\/tr><tr><td>1733 (abril)\u22121734 (abril)<\/td><td>Emanuel Simon<\/td><\/tr><tr><td>1734 (abril)\u22121735<\/td><td>Ignacio Vidal<\/td><\/tr><tr><td>1735<\/td><td>Rafael Cruyllas<\/td><\/tr><tr><td>1736\u22121737 (febrer)<\/td><td>Antonio Peguera<\/td><\/tr><tr><td>1737 (febrer)\u22121738 (mar\u00e7)<\/td><td>Jayme Juan Solans y de Camals<\/td><\/tr><tr><td>1738 (mar\u00e7)\u22121739 (febrer)<\/td><td>Tomas Feu<\/td><\/tr><tr><td>1739 (febrer)\u22121746 (mar\u00e7)<\/td><td>Antonio Gasset<\/td><\/tr><tr><td>1746 (mar\u00e7)\u22121747 (maig)<\/td><td>Emanuel Simon<\/td><\/tr><tr><td>1747 (maig)\u22121748 (maig)<\/td><td>Armengol de Cubells<\/td><\/tr><tr><td>1748 (maig)\u22121749 (mar\u00e7)<\/td><td>Pedro Espinosa<\/td><\/tr><tr><td>1749 (mar\u00e7)\u22121750 (mar\u00e7)<\/td><td>Francesc Carreu<\/td><\/tr><tr><td>1750 (mar\u00e7)\u22121751 (mar\u00e7)<\/td><td>Armengol de Cubells<\/td><\/tr><tr><td>1751 (mar\u00e7)\u22121752 (mar\u00e7)<\/td><td>Jayme Rib\u00f3 y de Camals<\/td><\/tr><tr><td>1752 (mar\u00e7)\u22121753 (mar\u00e7)<\/td><td>Jayme Juan Solans y de Camals<\/td><\/tr><tr><td>1753 (mar\u00e7)\u22121754 (gener)<\/td><td>Armengol de Cubells<\/td><\/tr><tr><td>1754\u22121755 (abril)<\/td><td>Jayme Rib\u00f3 y de Camals<\/td><\/tr><tr><td>1755 (abril)\u22121756<\/td><td>Antonio Bonanat<\/td><\/tr><tr><td>1756\u22121757 (mar\u00e7)<\/td><td>Armengol de Cubells<\/td><\/tr><tr><td>1757 (mar\u00e7)\u22121758 (febrer)<\/td><td>Jayme Juan Solans y de Camals<\/td><\/tr><tr><td>1758 (febrer)\u22121759 (febrer)<\/td><td>Jayme Rib\u00f3 y de Camals<\/td><\/tr><tr><td>1759 (febrer)\u22121760 (febrer)<\/td><td>Antonio Cassany<\/td><\/tr><tr><td>1760 (febrer)\u22121761 (febrer)<\/td><td>Armengol de Gasset i Castells<\/td><\/tr><tr><td>1761 (febrer)\u22121762<\/td><td>Pablo Riu<\/td><\/tr><tr><td>1762\u22121763 (febrer)<\/td><td>Antonio Cassany<\/td><\/tr><tr><td>1763 (febrer)\u22121763 (setembre)<\/td><td>Felix de Rodit<\/td><\/tr><tr><td>1763 (setembre)\u22121764 (febrer)<\/td><td>Ignacio del Duque<\/td><\/tr><tr><td>1764 (febrer)\u22121765 (mar\u00e7)<\/td><td>Odon Lleopart<\/td><\/tr><tr><td>1765 (mar\u00e7)\u22121766 (mar\u00e7)<\/td><td>Antonio Bonanat<\/td><\/tr><tr><td>1766 (mar\u00e7)\u22121767 (abril)<\/td><td>Antonio Cassany<\/td><\/tr><tr><td>1767 (abril)\u22121768 (mar\u00e7)<\/td><td>Armengol de Gasset i Castells<\/td><\/tr><tr><td>1768 (mar\u00e7)\u22121769 (mar\u00e7)<\/td><td>Guillermo de Areny<\/td><\/tr><tr><td>1769 (mar\u00e7)\u22121769 (maig)<\/td><td>Pedro Serret<\/td><\/tr><tr><td>1769 (maig)\u22121770 (mar\u00e7)<\/td><td>Antonio Peguera<\/td><\/tr><tr><td>1770 (mar\u00e7)\u22121771 (mar\u00e7)<\/td><td>Antonio Cassany<\/td><\/tr><tr><td>1771 (mar\u00e7)\u22121772 (abril)<\/td><td>Guillermo de Areny<\/td><\/tr><tr><td>1772 (abril)\u22121773 (maig)<\/td><td>Pedro Rib\u00f3<\/td><\/tr><tr><td>1773 (maig)\u22121774 (abril)<\/td><td>Guillermo de Areny<\/td><\/tr><tr><td>1774 (abril)\u22121775 (maig)<\/td><td>Antonio Cassany<\/td><\/tr><tr><td>1775 (maig-desembre)<\/td><td>Guillermo de Areny<\/td><\/tr><tr><td>1776 (gener-abril)<\/td><td>Armengol de Gasset i Castells<\/td><\/tr><tr><td>1776 (abril)\u22121777 (juliol)<\/td><td>Armengol Giberga<\/td><\/tr><tr><td>1777 (juliol)\u22121778 (febrer)<\/td><td>Pedro Rib\u00f3<\/td><\/tr><tr><td>1778 (febrer)\u22121779 (juny)<\/td><td>Pedro Espinosa<\/td><\/tr><tr><td>1779 (juny)\u22121781<\/td><td>Antonio Boronat<\/td><\/tr><tr><td>1782\u22121783 (mar\u00e7)<\/td><td>Armengol Giberga<\/td><\/tr><tr><td>1783 (mar\u00e7)\u22121785 (febrer)<\/td><td>Juan Mart\u00ed<\/td><\/tr><tr><td>1785 (febrer)\u22121787 (mar\u00e7)<\/td><td>Armengol de Gasset i Castells<\/td><\/tr><tr><td>1787 (mar\u00e7)\u22121789 (mar\u00e7)<\/td><td>Armengol Giberga<\/td><\/tr><tr><td>1789 (mar\u00e7)\u22121791 (mar\u00e7)<\/td><td>Bernardino de Mir<\/td><\/tr><tr><td>1791 (mar\u00e7)\u22121792 (abril)<\/td><td>Armengol de Gasset i Castells<\/td><\/tr><tr><td>1792 (abril)\u22121795 (febrer)<\/td><td>Ignacio Solans<\/td><\/tr><tr><td>1795 (gener-abril)<\/td><td>Juan Riu<\/td><\/tr><tr><td>1795\u22121797 (abril)<\/td><td>Armengol de Gasset i Castells<\/td><\/tr><tr><td>1797 (abril)\u22121799<\/td><td>Francisco Carreu<\/td><\/tr><tr><td>1800<\/td><td>Armengol de Gasset i Castells<\/td><\/tr><\/tbody><\/table><\/figure>\n\n\n\n<p>Segle XIX<\/p>\n\n\n\n<p>Alcaldes<\/p>\n\n\n\n<figure class=\"wp-block-table\"><table><tbody><tr><td>1801\u22121803 (febrer)<\/td><td>Tomas Espinosa<\/td><\/tr><tr><td>1803 (febrer)\u22121804 (mar\u00e7)<\/td><td>Guillermo de Areny<\/td><\/tr><tr><td>1804 (mar\u00e7)\u22121805<\/td><td>Juan Mart\u00ed<\/td><\/tr><tr><td>1805<\/td><td>Josep Areny<\/td><\/tr><tr><td>1806<\/td><td>Josep Antoni Dalmau<\/td><\/tr><tr><td>1807 (gener-febrer)<\/td><td>Josep Areny<\/td><\/tr><tr><td>1807\u22121808<\/td><td>Ignacio Solans<\/td><\/tr><tr><td>1809\u22121810<\/td><td>Josep Antoni Dalmau<\/td><\/tr><tr><td>1811 (gener-mar\u00e7)<\/td><td>Josep Duch<\/td><\/tr><tr><td>1811 (mar\u00e7-desembre)<\/td><td>Tom\u00e0s Espinosa<\/td><\/tr><\/tbody><\/table><\/figure>\n\n\n\n<p>Meres francesos<\/p>\n\n\n\n<figure class=\"wp-block-table\"><table><tbody><tr><td>1812<\/td><td>Juan Riu<\/td><\/tr><tr><td>1813<\/td><td>Gervasio Fenoll<\/td><\/tr><tr><td>1814<\/td><td>Jos\u00e9 Coll<\/td><\/tr><\/tbody><\/table><\/figure>\n\n\n\n<p>Alcaldes borb\u00f2nics<\/p>\n\n\n\n<figure class=\"wp-block-table\"><table><tbody><tr><td>1816<\/td><td>Areny Bernat<\/td><\/tr><tr><td>1817 (gener-abril)<\/td><td>Juan Riu<\/td><\/tr><tr><td>1817 (abril-maig)<\/td><td>Ignacio Blanes<\/td><\/tr><tr><td>1817 (maig)\u22121818<\/td><td>Josep Maria Lleopart<\/td><\/tr><tr><td>1819 (gener-maig)<\/td><td>Ignacio Solans<\/td><\/tr><tr><td>1819 (maig)\u22121820 (mar\u00e7)<\/td><td>Paladio Dur\u00e1n i Juli\u00e0<\/td><\/tr><tr><td>1820 (mar\u00e7-desembre):<\/td><td>Mateo Estany<\/td><\/tr><tr><td>1824<\/td><td>Ignacio Ale\u00f1a<\/td><\/tr><tr><td>1825<\/td><td>Paladio Dur\u00e1n i Juli\u00e0<\/td><\/tr><tr><td>1826<\/td><td>Buenaventura Barril<\/td><\/tr><tr><td>1827<\/td><td>Jos\u00e9 Ignacio Dalmau<\/td><\/tr><tr><td>1828 (maig)<\/td><td>Jos\u00e9 de Areny<\/td><\/tr><tr><td>1828 (maig)\u22121832<\/td><td>Agust\u00edn Pelaez<\/td><\/tr><tr><td>1832<\/td><td>Ram\u00f3n de Tarragona<\/td><\/tr><tr><td>1833\u22121834<\/td><td>Jos\u00e9 Corbi<\/td><\/tr><tr><td>1834 (desembre)<\/td><td>Jos\u00e9 Puig<\/td><\/tr><tr><td>1835\u2212 1836 (mar\u00e7)<\/td><td>Bartolom\u00e9 Bosch<\/td><\/tr><tr><td>1836 (mar\u00e7-desembre)<\/td><td>Mariano Riu<\/td><\/tr><tr><td>1837\u22121838 (mar\u00e7)<\/td><td>Cayetano Lopez<\/td><\/tr><tr><td>1838 (mar\u00e7-desembre)<\/td><td>Antonio Carreu<\/td><\/tr><tr><td>1839<\/td><td>Antonio de Moner<\/td><\/tr><tr><td>1840 (gener-setembre)<\/td><td>Pablo Tarragona<\/td><\/tr><tr><td>1840 (setembre-desembre)<\/td><td>Antonio Carreu<\/td><\/tr><tr><td>1841<\/td><td>Juan Vil\u00e0<\/td><\/tr><tr><td>1842<\/td><td>Mariano Ruiz<\/td><\/tr><tr><td>1843 (gener-mar\u00e7)<\/td><td>Mariano Sanvicens<\/td><\/tr><tr><td>1843 (mar\u00e7)\u22121844 (abril)<\/td><td>Antonio de Moner<\/td><\/tr><tr><td>1844 (abril \u2212 agost)<\/td><td>Pablo Tarragona<\/td><\/tr><tr><td>1844 (agost)\u22121846<\/td><td>Jacinto Mitats<\/td><\/tr><tr><td>1846\u22121848<\/td><td>Francisco Parramon<\/td><\/tr><tr><td>1848\u22121850 (octubre)<\/td><td>Vicente Lalabardo<\/td><\/tr><tr><td>1850 (octubre)\u22121851<\/td><td>Antonio de Moner<\/td><\/tr><tr><td>1852\u22121853 (maig)<\/td><td>Jacinto Mitats<\/td><\/tr><tr><td>1853 (maig-desembre)<\/td><td>Joaquim Parramon<\/td><\/tr><tr><td>1854 (gener-agost)<\/td><td>Josep Siurana<\/td><\/tr><tr><td>1854 (agost-desembre)<\/td><td>Jos\u00e9 Ignacio de Llorens<\/td><\/tr><tr><td>1855\u22121857<\/td><td>Francisco Sanvicens<\/td><\/tr><tr><td>1857\u22121859<\/td><td>Antonio de Moner<\/td><\/tr><tr><td>1859\u22121862 (novembre)<\/td><td>Odon Esta\u00f1ol<\/td><\/tr><tr><td>1862 (novembre)\u22121863<\/td><td>Antonio Moles (Inter\u00ed)<\/td><\/tr><tr><td>1863\u22121866<\/td><td>Antonio de Moner<\/td><\/tr><tr><td>1867<\/td><td>Guilermo Berret (o Ferret)<\/td><\/tr><tr><td>1867\u22121868 (octubre)<\/td><td>Odon Boca<\/td><\/tr><\/tbody><\/table><\/figure>\n\n\n\n<p>Sexenni Democr\u00e0tic<\/p>\n\n\n\n<figure class=\"wp-block-table\"><table><tbody><tr><td>1868<\/td><td>Cosme Boixader (Junta Revolucion\u00e0ria)<\/td><\/tr><tr><td>1869\u22121872 (mar\u00e7)<\/td><td>Pedro Teixid\u00f3<\/td><\/tr><tr><td>1872 (mar\u00e7)\u22121873 (setembre)<\/td><td>Cosme Boixader<\/td><\/tr><tr><td>1873 (setembre)\u22121874 (mar\u00e7)<\/td><td>Federico Bueno<\/td><\/tr><tr><td>1874 (mar\u00e7-agost)<\/td><td>Pedro Teixid\u00f3<\/td><\/tr><tr><td>1874 (agost-desembre)<\/td><td>Buenaventura Rog\u00e9<\/td><\/tr><\/tbody><\/table><\/figure>\n\n\n\n<p>Restauraci\u00f3<\/p>\n\n\n\n<figure class=\"wp-block-table\"><table><tbody><tr><td>1875<\/td><td>Odon Esta\u00f1ol<\/td><\/tr><tr><td>1877 (gener-mar\u00e7)<\/td><td>Antonio Escud\u00e9<\/td><\/tr><tr><td>1877 (mar\u00e7-desembre)<\/td><td>Ramon Casp<\/td><\/tr><tr><td>1878 (gener-agost)<\/td><td>Jos\u00e9 Ramon de Llorens<\/td><\/tr><tr><td>1878 (agost)\u22121879 (juliol)<\/td><td>Antonio Sansa<\/td><\/tr><tr><td>1879 (juliol)\u22121881<\/td><td>Gaspar Berg\u00e9s<\/td><\/tr><tr><td>1881\u22121883<\/td><td>Bartolomeu Cirier<\/td><\/tr><tr><td>1883\u22121884<\/td><td>Gaspar Berg\u00e9s<\/td><\/tr><tr><td>1884<\/td><td>Bartolomeu Cirier<\/td><\/tr><tr><td>1884\u22121886<\/td><td>Marcelino de Llorens<\/td><\/tr><tr><td>1886\u22121887<\/td><td>Odon Alvi\u00f1\u00e1<\/td><\/tr><tr><td>1887:00:00<\/td><td>Joaquim Parramon<\/td><\/tr><tr><td>1887\u22121888<\/td><td>Gaspar Berg\u00e9s<\/td><\/tr><tr><td>1888<\/td><td>Joaquim Parramon<\/td><\/tr><tr><td>1888\u22121889<\/td><td>Gaspar Berg\u00e9s<\/td><\/tr><tr><td>1889\u22121890<\/td><td>Joaquim Parramon<\/td><\/tr><tr><td>1890\u22121891<\/td><td>Francisco Pallerola i Gabriel<\/td><\/tr><tr><td>1891\u22121892<\/td><td>Jos\u00e9 Tarragona<\/td><\/tr><tr><td>1892<\/td><td>Buenaventura Sansa<\/td><\/tr><tr><td>1892\u22121893<\/td><td>Francisco Pallerola i Gabriel<\/td><\/tr><tr><td>1893\u22121897<\/td><td>Gaspar Berg\u00e9s<\/td><\/tr><tr><td>1897\u22121899<\/td><td>Pedro Sobr\u00e9 Bregolat<\/td><\/tr><tr><td>1899\u22121900<\/td><td>Joan Sansa i Sirvent<\/td><\/tr><\/tbody><\/table><\/figure>\n\n\n\n<p>Segle XX<\/p>\n\n\n\n<p>Restauraci\u00f3<\/p>\n\n\n\n<figure class=\"wp-block-table\"><table><tbody><tr><td>1900\u22121902<\/td><td>Juan Moles<\/td><\/tr><tr><td>1902\u22121904<\/td><td>Jos\u00e9 Llimas<\/td><\/tr><tr><td>1904\u22121905<\/td><td>Blas Martret<\/td><\/tr><tr><td>1995<\/td><td>Alfonso Tarragona<\/td><\/tr><tr><td>1905\u22121906<\/td><td>Arsenio Ortega Parramon<\/td><\/tr><tr><td>1906\u22121909<\/td><td>Jos\u00e9 Sabat\u00e9<\/td><\/tr><tr><td>1909<\/td><td>Francisco Buchaca<\/td><\/tr><tr><td>1909\u2212 1912<\/td><td>Arsenio Ortega Parramon<\/td><\/tr><tr><td>1912\u22121914<\/td><td>Enric de Lloren\u00e7 Ribas<\/td><\/tr><tr><td>1914\u22121916<\/td><td>Blai Martret<\/td><\/tr><tr><td>1916\u22121917<\/td><td>Arsenio Ortega Parramon<\/td><\/tr><tr><td>1917\u22121920<\/td><td>Joan Guardiet March<\/td><\/tr><tr><td>1920\u22121923<\/td><td>Enric de Lloren\u00e7 Ribas<\/td><\/tr><tr><td>1923\u22121924<\/td><td>Manuel Mestre Mallol (alcalde inter\u00ed provisional)<\/td><\/tr><tr><td>1924\u22121926<\/td><td>Llu\u00eds Call Ruf<\/td><\/tr><tr><td>1926\u22121930<\/td><td>Joan Guardiet March<\/td><\/tr><tr><td>1930<\/td><td>Joan Munt\u00f3 Pallerola \/ Amadeu Gallart i Bastus<\/td><\/tr><tr><td>1930\u22121931<\/td><td>Manuel Fiter Dasca<\/td><\/tr><\/tbody><\/table><\/figure>\n\n\n\n<p>Rep\u00fablica<\/p>\n\n\n\n<figure class=\"wp-block-table\"><table><tbody><tr><td>1931\u22121933<\/td><td>Enric Canturri i Ramonet<\/td><td>ERC<\/td><\/tr><tr><td>1933<\/td><td>Felip Bordes<\/td><td><\/td><\/tr><tr><td>1933\u22121936 (agost)<\/td><td>Bonaventura Reb\u00e9s<\/td><td><\/td><\/tr><tr><td>1936 (agost-octubre)<\/td><td>Francesc Jordana i Rib\u00f3 (Comit\u00e8 del Front Popular)<\/td><td><\/td><\/tr><tr><td>1936 (octubre-desembre)<\/td><td>Ram\u00f3n Alegre i Juli\u00e1n (Comit\u00e8 de Mil\u00edcies Antifeixistes)<\/td><td><\/td><\/tr><tr><td>1937 (gener-juny)<\/td><td>Joan Puig<\/td><td><\/td><\/tr><tr><td>1937 (juny)\u22121938 (novembre)<\/td><td>Pere Argelich i Sastre<\/td><td><\/td><\/tr><tr><td>1938 (novembre)\u22121939 (febrer)<\/td><td>Josep Sol\u00e0 i Teulats<\/td><td><\/td><\/tr><\/tbody><\/table><\/figure>\n\n\n\n<p>Franquisme<\/p>\n\n\n\n<figure class=\"wp-block-table\"><table><tbody><tr><td>1939 (febrer-mar\u00e7)<\/td><td>Jaume Sansa Nequ\u00ed<\/td><td><\/td><\/tr><tr><td>1939\u22121941<\/td><td>Manuel Fiter Dasca<\/td><td><\/td><\/tr><tr><td>1941\u22121949<\/td><td>Salvador Codina Roca<\/td><td><\/td><\/tr><tr><td>1949\u22121957<\/td><td>Salvador Villalonga Fabrega<\/td><td><\/td><\/tr><tr><td>1957\u22121974<\/td><td>Jos\u00e9 Maria Llangort i Peral<\/td><td>FET y de la JONS<\/td><\/tr><tr><td>1974\u22121979<\/td><td>Jos\u00e9 Maria Galindo i Llangort<\/td><td><\/td><\/tr><\/tbody><\/table><\/figure>\n\n\n\n<p>Democr\u00e0cia<\/p>\n\n\n\n<figure class=\"wp-block-table\"><table><tbody><tr><td>1979\u22121983<\/td><td>Amadeu Gallart i Sort<\/td><td>Redre\u00e7ament i Progr\u00e9s<\/td><\/tr><tr><td>1983\u22122003<\/td><td>Joan Ganyet i Sol\u00e9<\/td><td>PSC<\/td><\/tr><tr><td>2003\u22122008<\/td><td>Jordi Aus\u00e0s i Coll<\/td><td>ERC<\/td><\/tr><tr><td>2008\u22122019<\/td><td>Albert Batalla i Siscart<\/td><td>CIU<\/td><\/tr><tr><td>2019-<em>en el c\u00e0rrec<\/em><\/td><td>Jordi F\u00e0brega Sabat\u00e9<\/td><td>PDeCAT<\/td><\/tr><\/tbody><\/table><\/figure>\n\n\n\n<p><em><a href=\"http:\/\/bibliotecasantagusti.cat\/alcaldes.php\">Font<\/a><\/em><\/p>\n","protected":false},"excerpt":{"rendered":"<p>Ajuntament borb\u00f2nic Segle XVIII Alcaldes 1719\u22121721 (maig) Pere Rib\u00f3 1721 (maig)\u22121722 Tomas Feu 1722 Jacinto Bonanat 1723 Pere Rib\u00f3 1724 Emanuel Simon 1725\u22121726 (setembre) Ignasi Vidal 1726 (setembre)\u22121727 (maig) Antonio Peguera 1727 (maig)\u22121728 (setembre) Pere Rib\u00f3 1728 (setembre)\u22121729 Rafael Cruyllas 1729\u22121730 (maig) Emanuel Simon 1730 (maig)\u22121731 (maig) Ignacio Vidal 1731 (maig)\u22121732 Pere Rib\u00f3 1732\u22121733 (abril) [&hellip;]<\/p>\n","protected":false},"author":1,"featured_media":0,"parent":0,"menu_order":0,"comment_status":"closed","ping_status":"closed","template":"","meta":{"footnotes":""},"_links":{"self":[{"href":"https:\/\/rulers.cat\/index.php?rest_route=\/wp\/v2\/pages\/512"}],"collection":[{"href":"https:\/\/rulers.cat\/index.php?rest_route=\/wp\/v2\/pages"}],"about":[{"href":"https:\/\/rulers.cat\/index.php?rest_route=\/wp\/v2\/types\/page"}],"author":[{"embeddable":true,"href":"https:\/\/rulers.cat\/index.php?rest_route=\/wp\/v2\/users\/1"}],"replies":[{"embeddable":true,"href":"https:\/\/rulers.cat\/index.php?rest_route=%2Fwp%2Fv2%2Fcomments&post=512"}],"version-history":[{"count":4,"href":"https:\/\/rulers.cat\/index.php?rest_route=\/wp\/v2\/pages\/512\/revisions"}],"predecessor-version":[{"id":518,"href":"https:\/\/rulers.cat\/index.php?rest_route=\/wp\/v2\/pages\/512\/revisions\/518"}],"wp:attachment":[{"href":"https:\/\/rulers.cat\/index.php?rest_route=%2Fwp%2Fv2%2Fmedia&parent=512"}],"curies":[{"name":"wp","href":"https:\/\/api.w.org\/{rel}","templated":true}]}}