{"id":529,"date":"2020-11-28T16:35:58","date_gmt":"2020-11-28T16:35:58","guid":{"rendered":"https:\/\/rulers.cat\/?page_id=529"},"modified":"2020-11-28T16:38:17","modified_gmt":"2020-11-28T16:38:17","slug":"igualada-batlles","status":"publish","type":"page","link":"https:\/\/rulers.cat\/?page_id=529","title":{"rendered":"Igualada. Batlles"},"content":{"rendered":"\n<p>Restauraci\u00f3<\/p>\n\n\n\n<figure class=\"wp-block-table\"><table><tbody><tr><td>Abril 1881- Mar\u00e7 1884<\/td><td>Sistar\u00e9 Gabarr\u00f3. Ramon<\/td><\/tr><tr><td>Mar\u00e7 1884- Febrer 1887<\/td><td>Boyer Ferrer, Joan<\/td><\/tr><tr><td>Febrer 1887- Desembre 1890<\/td><td>God\u00f3 Lluci\u00e0, Joan<\/td><\/tr><tr><td>Desembre 1890 &#8211; Mar\u00e7 1891<\/td><td>Figuerola F\u00e0brega, Joan<\/td><\/tr><tr><td>Mar\u00e7 1891- Setembre 1891<\/td><td>Serra Iglesias, Josep<\/td><\/tr><tr><td>Setembre 1891- Abril 1893<\/td><td>Miserachs Pelfort, Manuel<\/td><\/tr><tr><td>Abril 1893 &#8211; Gener 1894<\/td><td>Ferran Caball\u00e9, Gabriel<\/td><\/tr><tr><td>Gener 1894 &#8211; Juliol 1895<\/td><td>Orp\u00ed Batlle, Emiliano<\/td><\/tr><tr><td>Juliol 1895 &#8211; Desembre 1895<\/td><td>Borr\u00e0s Tom\u00e0s, Josep<\/td><\/tr><tr><td>Desembre 1895 &#8211; Juliol 1896<\/td><td>Gibergas Gomis, Cayetano<\/td><\/tr><tr><td>Juliol 1896 &#8211; Juny 1897 <em>(accidental)<\/em><br>Juny 1897 &#8211; Juliol 1899<\/td><td>Deop Riba, Joan<\/td><\/tr><tr><td>Juliol 1899 &#8211; Abril 1901<\/td><td>Matosas Segal\u00e0, Francisco<\/td><\/tr><tr><td>Abril 1901 &#8211; Desembre 1901<\/td><td>Sabat Boix, Joan<\/td><\/tr><tr><td>Gener 1902 &#8211; Mar\u00e7 1904<\/td><td>Orp\u00ed Batlle, Emiliano<\/td><\/tr><tr><td>31 de mar\u00e7 de 1904<\/td><td>Riba Tous, Josep<\/td><\/tr><tr><td>Febrer 1904 &#8211; Agost 1905 <em>(accidental)<\/em><\/td><td>Serra Constans\u00f3, Joan<\/td><\/tr><tr><td>Agost 1905 &#8211; Desembre 1905<\/td><td>Camps Blavi, Baldomer<\/td><\/tr><tr><td>Gener 1906 &#8211; Gener 1914<\/td><td>God\u00f3 Pelegr\u00ed, Joan<\/td><\/tr><tr><td>Gener 1914 &#8211; Febrer 1914<\/td><td>Roca Vall\u00e8s, Jaume<\/td><\/tr><tr><td>Febrer 1914- Gener 1916<\/td><td>Ferrer Valls, Domingo<\/td><\/tr><tr><td>Gener 1916 &#8211; Juny 1916<\/td><td>Puiggr\u00f3s Trull\u00e0s, Narc\u00eds<\/td><\/tr><tr><td>Juny 1916 &#8211; Abril 1919<\/td><td>Guitart Pons, Ramon<\/td><\/tr><tr><td>Abril 1919 &#8211; Octubre 1923<\/td><td>Biosca Busqu\u00e9, Amadeu<\/td><\/tr><tr><td>Octubre 1923 &#8211; Abril 1924<\/td><td>Serra Abadal, Josep<\/td><\/tr><tr><td>Abril 1924 &#8211; Juny 1928<\/td><td>Orfila Gomila, Emiliano<\/td><\/tr><tr><td>Juliol 1928 &#8211; Febrer 1930<\/td><td>Roca Puget, Josep<\/td><\/tr><tr><td>Febrer 1930 &#8211; Mar\u00e7 1930<\/td><td>God\u00f3 Lluci\u00e0, Joan<\/td><\/tr><tr><td>Mar\u00e7 1930 &#8211; Abril 1931<\/td><td>Llad\u00f3 Ferran, Josep<\/td><\/tr><\/tbody><\/table><\/figure>\n\n\n\n<p>Rep\u00fablica<\/p>\n\n\n\n<figure class=\"wp-block-table\"><table><tbody><tr><td>Abril 1931 &#8211; Febrer 1934<\/td><td>Biosca Busqu\u00e9, Amadeu<\/td><\/tr><tr><td>Febrer 1934 &#8211; Octubre 1934<\/td><td>Morera Miserachs, Josep<\/td><\/tr><tr><td>Octubre 1934 &#8211; Febrer 1936<\/td><td>Bertran Santacana, Veremon<\/td><\/tr><tr><td>Febrer 1936 &#8211; Novembre 1936<\/td><td>Morera Miserachs, Josep<\/td><\/tr><tr><td>Novembre 1936 &#8211; Gener 1939<\/td><td>Bertran Tarr\u00e9s, Pere<\/td><\/tr><\/tbody><\/table><\/figure>\n\n\n\n<p>Franquisme<\/p>\n\n\n\n<figure class=\"wp-block-table\"><table><tbody><tr><td>Gener 1939 &#8211; Setembre 1940<\/td><td>Matosas Roca, Francesc<\/td><\/tr><tr><td>Setembre 1940 &#8211; Abril 1941<\/td><td>Llad\u00f3 Bausili, Josep M.<\/td><\/tr><tr><td>Abril 1941 &#8211; Octubre 1951<\/td><td>Matosas Roca, Francesc<\/td><\/tr><tr><td>Octubre 1951 &#8211; Novembre 1955<\/td><td>Llansana Torrents, Francesc<\/td><\/tr><tr><td>Novembre 1955 &#8211; Juliol 1956<\/td><td>Llad\u00f3 Bausili, Josep M.<\/td><\/tr><tr><td>Juliol 1956 &#8211; Febrer 1957 <em>(accidental)<\/em><\/td><td>Costa Roch, Jaume<\/td><\/tr><tr><td>Febrer 1957 &#8211; Febrer 1963<\/td><td>Singla Morera, Josep<\/td><\/tr><tr><td>Febrer 1963 &#8211; Febrer 1971<\/td><td>Garc\u00eda Urgel\u00e9s, Joan Antoni<\/td><\/tr><tr><td>Febrer 1971 &#8211; Abril 1979<\/td><td>Grau I Vilaseca, Ramon<\/td><\/tr><\/tbody><\/table><\/figure>\n\n\n\n<p>Democr\u00e0cia<\/p>\n\n\n\n<figure class=\"wp-block-table\"><table><tbody><tr><td>Abril 1979 &#8211; Juny 1991<\/td><td>Miserachs i Codina, Manuel<\/td><td>CiU<\/td><\/tr><tr><td>Juny 1991 &#8211; Gener 1992<\/td><td>Tom\u00e0s i Riba, Ramon<\/td><td>CiU<\/td><\/tr><tr><td>Gener 1992 &#8211; Juny 1995<\/td><td>Aymam\u00ed i Roca, Jordi<\/td><td>PSC<\/td><\/tr><tr><td>Juny 1995 &#8211; Juny 1999<\/td><td>Susanna i Domingo, Josep M.<\/td><td>CiU<\/td><\/tr><tr><td>Juny 1999 \u2013Juny 2011<\/td><td>Aymam\u00ed i Roca, Jordi<\/td><td>PSC<\/td><\/tr><tr><td>Juny 2011 \u2013 <em>en el c\u00e0rrec<\/em><\/td><td>Castells i Berzosa, Marc<\/td><td>CiU \/ PDeCAT \/ Junts x Cat<\/td><\/tr><\/tbody><\/table><\/figure>\n\n\n\n<p><a href=\"http:\/\/www.igualada.cat\/ca\/lajuntament\/historia-del-consistori\/els-alcaldes-de-la-ciutat\"><em>Font<\/em><\/a><\/p>\n","protected":false},"excerpt":{"rendered":"<p>Restauraci\u00f3 Abril 1881- Mar\u00e7 1884 Sistar\u00e9 Gabarr\u00f3. Ramon Mar\u00e7 1884- Febrer 1887 Boyer Ferrer, Joan Febrer 1887- Desembre 1890 God\u00f3 Lluci\u00e0, Joan Desembre 1890 &#8211; Mar\u00e7 1891 Figuerola F\u00e0brega, Joan Mar\u00e7 1891- Setembre 1891 Serra Iglesias, Josep Setembre 1891- Abril 1893 Miserachs Pelfort, Manuel Abril 1893 &#8211; Gener 1894 Ferran Caball\u00e9, Gabriel Gener 1894 &#8211; [&hellip;]<\/p>\n","protected":false},"author":1,"featured_media":0,"parent":0,"menu_order":0,"comment_status":"closed","ping_status":"closed","template":"","meta":{"footnotes":""},"_links":{"self":[{"href":"https:\/\/rulers.cat\/index.php?rest_route=\/wp\/v2\/pages\/529"}],"collection":[{"href":"https:\/\/rulers.cat\/index.php?rest_route=\/wp\/v2\/pages"}],"about":[{"href":"https:\/\/rulers.cat\/index.php?rest_route=\/wp\/v2\/types\/page"}],"author":[{"embeddable":true,"href":"https:\/\/rulers.cat\/index.php?rest_route=\/wp\/v2\/users\/1"}],"replies":[{"embeddable":true,"href":"https:\/\/rulers.cat\/index.php?rest_route=%2Fwp%2Fv2%2Fcomments&post=529"}],"version-history":[{"count":2,"href":"https:\/\/rulers.cat\/index.php?rest_route=\/wp\/v2\/pages\/529\/revisions"}],"predecessor-version":[{"id":531,"href":"https:\/\/rulers.cat\/index.php?rest_route=\/wp\/v2\/pages\/529\/revisions\/531"}],"wp:attachment":[{"href":"https:\/\/rulers.cat\/index.php?rest_route=%2Fwp%2Fv2%2Fmedia&parent=529"}],"curies":[{"name":"wp","href":"https:\/\/api.w.org\/{rel}","templated":true}]}}